{"id":29,"date":"2015-09-18T14:12:12","date_gmt":"2015-09-18T13:12:12","guid":{"rendered":"http:\/\/84.39.218.255\/wp-content\/uploads\/2015\/09\/hr\/?page_id=29"},"modified":"2016-01-18T09:53:02","modified_gmt":"2016-01-18T08:53:02","slug":"kontakt","status":"publish","type":"page","link":"http:\/\/www.si-hr.eu\/hr\/o-nama\/kontakt\/","title":{"rendered":"Kontakt"},"content":{"rendered":"<p>Slu\u017eba Vlade Republike Slovenije za razvoj in Evropsko kohezijsko politiko<br \/>\nSkupni tehni\u010dni sekretariat Slovenija-Hrva\u0161ka 2007-2013<br \/>\nKotnikova 5, SI-1000 Ljubljana<br \/>\nTel.: +386 (0)1 400 3342<br \/>\nFax: +386 (0)1 3201 301<br \/>\nE-mail: <a href=\"mailto:si-hr.svrk@gov.si\">si-hr.svrk@gov.si<\/a><\/p>\n","protected":false},"excerpt":{"rendered":"<p>Slu\u017eba Vlade Republike Slovenije za razvoj in Evropsko kohezijsko politiko Skupni tehni\u010dni sekretariat Slovenija-Hrva\u0161ka 2007-2013 Kotnikova 5, SI-1000 Ljubljana Tel.: +386 (0)1 400 3342 Fax: +386 (0)1 3201 301 E-mail: &hellip; <a href=\"http:\/\/www.si-hr.eu\/hr\/o-nama\/kontakt\/\" class=\"more-link\">Preberi ve\u010d <span class=\"screen-reader-text\">Kontakt<\/span> <span class=\"meta-nav\">&rarr;<\/span><\/a><\/p>\n","protected":false},"author":1,"featured_media":0,"parent":27,"menu_order":0,"comment_status":"closed","ping_status":"closed","template":"","meta":{"ngg_post_thumbnail":0},"acf":[],"_links":{"self":[{"href":"http:\/\/www.si-hr.eu\/hr\/wp-json\/wp\/v2\/pages\/29"}],"collection":[{"href":"http:\/\/www.si-hr.eu\/hr\/wp-json\/wp\/v2\/pages"}],"about":[{"href":"http:\/\/www.si-hr.eu\/hr\/wp-json\/wp\/v2\/types\/page"}],"author":[{"embeddable":true,"href":"http:\/\/www.si-hr.eu\/hr\/wp-json\/wp\/v2\/users\/1"}],"replies":[{"embeddable":true,"href":"http:\/\/www.si-hr.eu\/hr\/wp-json\/wp\/v2\/comments?post=29"}],"version-history":[{"count":2,"href":"http:\/\/www.si-hr.eu\/hr\/wp-json\/wp\/v2\/pages\/29\/revisions"}],"predecessor-version":[{"id":593,"href":"http:\/\/www.si-hr.eu\/hr\/wp-json\/wp\/v2\/pages\/29\/revisions\/593"}],"up":[{"embeddable":true,"href":"http:\/\/www.si-hr.eu\/hr\/wp-json\/wp\/v2\/pages\/27"}],"wp:attachment":[{"href":"http:\/\/www.si-hr.eu\/hr\/wp-json\/wp\/v2\/media?parent=29"}],"curies":[{"name":"wp","href":"https:\/\/api.w.org\/{rel}","templated":true}]}}