{"id":90,"date":"2015-09-18T14:58:04","date_gmt":"2015-09-18T13:58:04","guid":{"rendered":"http:\/\/84.39.218.255\/wp-content\/uploads\/2015\/09\/hr\/?page_id=90"},"modified":"2015-09-18T14:58:04","modified_gmt":"2015-09-18T13:58:04","slug":"informativni-dogadaji","status":"publish","type":"page","link":"http:\/\/www.si-hr.eu\/hr\/natjecaji\/3-javni-poziv-na-dostavu-prijedloga-projekata\/informativni-dogadaji\/","title":{"rendered":"Informativni doga\u0111aji"},"content":{"rendered":"<h3>Nacionalna radionica u okviru 3. poziva na dostavu prijedloga projekata za hrvatske korisnike<\/h3>\n<p>Ovdje mo\u017eete prona\u0107i poziv za nacionalnu radionicu za hrvatske korisnike koja \u0107e se odr\u017eati u srijedu, 14. o\u017eujka u Mariji Bistrici.<\/p>\n<p><a class=\"link_pdf\" href=\"http:\/\/84.39.218.255\/wp-content\/uploads\/2015\/09\/Nacionalna%20radionica%20HR.pdf\" target=\"_blank\">Poziv za nacionalnu radionicu (119.6k)<\/a><\/p>\n<h3>INDIVIDUALNA SAVJETOVANJA ZTT-a U OKVIRU 3. POZIVA<\/h3>\n<p>Zajedni\u010dko tehni\u010dko tajni\u0161tvo Operativnog programa IPA Slovenija \u2013 Hrvatska 2007.-2013. zajedno s Info to\u010dkom u Zagrebu organizira individualna savjetovanja za pomo\u0107 potencijalnim prijaviteljima u pripremanju projektnih prijedloga u okviru 3. poziva na dostavu prijedloga projekata Operativnog programa IPA Slovenija \u2013 Hrvatska 2007.-2013.<\/p>\n<p>Individualna savjetovanja \u0107e se odvijati prema sljede\u0107em rasporedu:<\/p>\n<p>1. <b>Ljubljana: izme\u0111u 13. o\u017eujka i 2. travnja 2012. u prostorijama Ministrstva za gospodarski razvoj in tehnologijo, Dunajska 58<\/b><\/p>\n<p><b>Obavezne su prethodne prijave na telefon<\/b>: +386 1 3201 411.<\/p>\n<p>2. <b>Zagreb: izme\u0111u 21. i 30. o\u017eujka 2012. u prostorijama Ministarstva regionalnoga razvoja i fondova Europske unije, Trg kralja Petra Kre\u0161imira IV. br. 1<\/b><\/p>\n<p><b>Obavezne su prethodne prijave na telefon<\/b>: +385 1 6391 991.<\/p>\n<p>Svaki sudionik \u0107e imati najvi\u0161e 1,5 sat za savjetovanje. <b>Za dobivanje termina za individualno savjetovanje potrebno je prilikom prijave prilo\u017eiti ispunjeni obrazac \u00bbIndividualna pomo\u0107 u pripremanju projektnih prijedloga\u00ab koji se nalazi u prilogu, odnosno potrebno je prethodno poslati kratki opis projektne ideje i pitanja na elektronsku po\u0161tu<\/b>: <span id=\"eeEncEmail_rd9cPwHW1r\"><a href=\"mailto:gordana.stanisic@gov.si\">gordana.stanisic@gov.si<\/a><\/span> i\u00a0<span id=\"eeEncEmail_5dTcbG7ZGA\"><a href=\"mailto:viktorija.roncevic@mrrfeu.hr\">viktorija.roncevic@mrrfeu.hr<\/a><\/span>.<\/p>\n<p><a class=\"link_doc\" href=\"http:\/\/84.39.218.255\/wp-content\/uploads\/2015\/09\/Projektna%20ideja%20OP%20IPA%20SI-HR%203.%20JR%20NEW_4.doc\" target=\"_blank\">Projektna ideja OP IPA SI-HR, 3.JR (144k)<\/a><\/p>\n<h3>Materijali za informativnu radionicu u Karlovcu<\/h3>\n<p>Ovdje mo\u017eete prona\u0107i materijale za informativnu radionicu za hrvatske korisnike u okviru 3. poziva na dostavu prijedloga projekata koja \u0107e se odr\u017eati u Karlovcu 8.3.2012.<\/p>\n<p><a class=\"link_pdf\" href=\"http:\/\/84.39.218.255\/wp-content\/uploads\/2015\/09\/3.%20Javni%20razpis.pdf\" target=\"_blank\">3. Poziv na dostavu prijedloga projekata (5.7M)<\/a><\/p>\n<p><a class=\"link_pdf\" href=\"http:\/\/84.39.218.255\/wp-content\/uploads\/2015\/09\/PIM_1.pdf\" target=\"_blank\">Priru\u010dnik za provedbu projekata (4.3M)<\/a><\/p>\n<p><a class=\"link_pdf\" href=\"http:\/\/84.39.218.255\/wp-content\/uploads\/2015\/09\/Prihvatljivi%20tro%C5%A1kovi.pdf\" target=\"_blank\">Prihvatljivi tro\u0161kovi (3.7M)<\/a><\/p>\n<p><a class=\"link_pdf\" href=\"http:\/\/84.39.218.255\/wp-content\/uploads\/2015\/09\/Prijavni%20obrazac%20dio%20A.pdf\" target=\"_blank\">Prijavni obrazac dio A (932.5k)<\/a><\/p>\n<p><a class=\"link_pdf\" href=\"http:\/\/84.39.218.255\/wp-content\/uploads\/2015\/09\/IPA%20ugovor,%20sporazum%20u%20partnerstvu.pdf\" target=\"_blank\">IPA ugovor, sporazum o partnerstvu (1M)<\/a><\/p>\n<p><a class=\"link_pdf\" href=\"http:\/\/84.39.218.255\/wp-content\/uploads\/2015\/09\/Napake.pdf\" target=\"_blank\">Naj\u010de\u0161\u0107e pogre\u0161ke u 1. i 2. Pozivu (1.4M)<\/a><\/p>\n<h3>Informativna radionica u okviru 3. poziva na dostavu prijedloga projekata za hrvatske korisnike<\/h3>\n<p>Ovdje mo\u017eete prona\u0107i poziv za informativnu radionicu za hrvatske korisnike koja \u0107e se odr\u017eati u \u010detvrtak, 08. o\u017eujka u Karlovcu.<\/p>\n<p><a class=\"link_pdf\" href=\"http:\/\/84.39.218.255\/wp-content\/uploads\/2015\/09\/Poziv%20na%20radionicu%20Karlovac.pdf\" target=\"_blank\">Poziv na radionicu u Karlovcu (137.3k)<\/a><\/p>\n<h3>Informativna radionica u okviru 3. poziva na dostavu prijedloga projekata za slovenske korisnike<\/h3>\n<p>Ovdje mo\u017eete prona\u0107i poziv za informativnu radionicu za slovenske korisnike koja \u0107e se odr\u017eati u utorak, 28. velja\u010de u Bre\u017eicama. Datum radionice za hrvatske korisnike \u0107e biti naknadno objavljen.<\/p>\n<p><a class=\"link_pdf\" href=\"http:\/\/84.39.218.255\/wp-content\/uploads\/2015\/09\/VABILO%203.%20JR%20-%20Bre%C5%BEice_1.pdf\" target=\"_blank\">Poziv na informativnu radionicu, Bre\u017eice (133k)<\/a><\/p>\n","protected":false},"excerpt":{"rendered":"<p>Nacionalna radionica u okviru 3. poziva na dostavu prijedloga projekata za hrvatske korisnike Ovdje mo\u017eete prona\u0107i poziv za nacionalnu radionicu za hrvatske korisnike koja \u0107e se odr\u017eati u srijedu, 14. &hellip; <a href=\"http:\/\/www.si-hr.eu\/hr\/natjecaji\/3-javni-poziv-na-dostavu-prijedloga-projekata\/informativni-dogadaji\/\" class=\"more-link\">Preberi ve\u010d <span class=\"screen-reader-text\">Informativni doga\u0111aji<\/span> <span class=\"meta-nav\">&rarr;<\/span><\/a><\/p>\n","protected":false},"author":1,"featured_media":0,"parent":88,"menu_order":0,"comment_status":"closed","ping_status":"closed","template":"","meta":{"ngg_post_thumbnail":0},"acf":[],"_links":{"self":[{"href":"http:\/\/www.si-hr.eu\/hr\/wp-json\/wp\/v2\/pages\/90"}],"collection":[{"href":"http:\/\/www.si-hr.eu\/hr\/wp-json\/wp\/v2\/pages"}],"about":[{"href":"http:\/\/www.si-hr.eu\/hr\/wp-json\/wp\/v2\/types\/page"}],"author":[{"embeddable":true,"href":"http:\/\/www.si-hr.eu\/hr\/wp-json\/wp\/v2\/users\/1"}],"replies":[{"embeddable":true,"href":"http:\/\/www.si-hr.eu\/hr\/wp-json\/wp\/v2\/comments?post=90"}],"version-history":[{"count":1,"href":"http:\/\/www.si-hr.eu\/hr\/wp-json\/wp\/v2\/pages\/90\/revisions"}],"predecessor-version":[{"id":91,"href":"http:\/\/www.si-hr.eu\/hr\/wp-json\/wp\/v2\/pages\/90\/revisions\/91"}],"up":[{"embeddable":true,"href":"http:\/\/www.si-hr.eu\/hr\/wp-json\/wp\/v2\/pages\/88"}],"wp:attachment":[{"href":"http:\/\/www.si-hr.eu\/hr\/wp-json\/wp\/v2\/media?parent=90"}],"curies":[{"name":"wp","href":"https:\/\/api.w.org\/{rel}","templated":true}]}}