{"id":2932,"date":"2015-09-17T13:38:19","date_gmt":"2015-09-17T12:38:19","guid":{"rendered":"http:\/\/84.39.218.255\/wp-content\/uploads\/2015\/09\/?page_id=2932"},"modified":"2016-01-18T09:34:58","modified_gmt":"2016-01-18T08:34:58","slug":"kontakt","status":"publish","type":"page","link":"http:\/\/www.si-hr.eu\/si\/o-nas\/kontakt\/","title":{"rendered":"Kontakt"},"content":{"rendered":"<p>Slu\u017eba Vlade Republike Slovenije za razvoj in Evropsko kohezijsko politiko<br \/>\nSkupni tehni\u010dni sekretariat Slovenija-Hrva\u0161ka 2007-2013<br \/>\nKotnikova 5, SI-1000 Ljubljana<br \/>\nTel.: +386 (0)1 400 3342<br \/>\nFax: +386 (0)1 3201 301<br \/>\nE-mail: <a href=\"mailto:si-hr.svrk@gov.si\" target=\"_blank\">si-hr.svrk@gov.si<\/a><\/p>\n","protected":false},"excerpt":{"rendered":"<p>Slu\u017eba Vlade Republike Slovenije za razvoj in Evropsko kohezijsko politiko Skupni tehni\u010dni sekretariat Slovenija-Hrva\u0161ka 2007-2013 Kotnikova 5, SI-1000 Ljubljana Tel.: +386 (0)1 400 3342 Fax: +386 (0)1 3201 301 E-mail: &hellip; <a href=\"http:\/\/www.si-hr.eu\/si\/o-nas\/kontakt\/\" class=\"more-link\">Preberi ve\u010d <span class=\"screen-reader-text\">Kontakt<\/span> <span class=\"meta-nav\">&rarr;<\/span><\/a><\/p>\n","protected":false},"author":1,"featured_media":0,"parent":15,"menu_order":0,"comment_status":"closed","ping_status":"closed","template":"","meta":{"ngg_post_thumbnail":0},"acf":[],"_links":{"self":[{"href":"http:\/\/www.si-hr.eu\/si\/wp-json\/wp\/v2\/pages\/2932"}],"collection":[{"href":"http:\/\/www.si-hr.eu\/si\/wp-json\/wp\/v2\/pages"}],"about":[{"href":"http:\/\/www.si-hr.eu\/si\/wp-json\/wp\/v2\/types\/page"}],"author":[{"embeddable":true,"href":"http:\/\/www.si-hr.eu\/si\/wp-json\/wp\/v2\/users\/1"}],"replies":[{"embeddable":true,"href":"http:\/\/www.si-hr.eu\/si\/wp-json\/wp\/v2\/comments?post=2932"}],"version-history":[{"count":2,"href":"http:\/\/www.si-hr.eu\/si\/wp-json\/wp\/v2\/pages\/2932\/revisions"}],"predecessor-version":[{"id":8968,"href":"http:\/\/www.si-hr.eu\/si\/wp-json\/wp\/v2\/pages\/2932\/revisions\/8968"}],"up":[{"embeddable":true,"href":"http:\/\/www.si-hr.eu\/si\/wp-json\/wp\/v2\/pages\/15"}],"wp:attachment":[{"href":"http:\/\/www.si-hr.eu\/si\/wp-json\/wp\/v2\/media?parent=2932"}],"curies":[{"name":"wp","href":"https:\/\/api.w.org\/{rel}","templated":true}]}}