{"id":1807,"date":"2016-11-20T14:45:41","date_gmt":"2016-11-20T13:45:41","guid":{"rendered":"http:\/\/www.si-hr.eu\/si2\/?page_id=1807"},"modified":"2016-11-20T14:45:41","modified_gmt":"2016-11-20T13:45:41","slug":"apro","status":"publish","type":"page","link":"http:\/\/www.si-hr.eu\/si2\/map-2\/apro\/","title":{"rendered":"APRO"},"content":{"rendered":"\n<style type=\"text\/css\" data-created_by=\"avia_inline_auto\" id=\"style-css-av-av_one_full-352b07ef7d3bc99b2e9f92e7a9e06bdb\">\n.flex_column.av-av_one_full-352b07ef7d3bc99b2e9f92e7a9e06bdb{\nborder-radius:0px 0px 0px 0px;\n-webkit-border-radius:0px 0px 0px 0px;\n-moz-border-radius:0px 0px 0px 0px;\n}\n<\/style>\n<div class='flex_column av-av_one_full-352b07ef7d3bc99b2e9f92e7a9e06bdb av_one_full  avia-builder-el-0  el_before_av_one_half  avia-builder-el-first  first flex_column_div av-zero-column-padding '   ><style type=\"text\/css\" data-created_by=\"avia_inline_auto\" id=\"style-css-av-av_heading-16885c32c958a1841280be36777350ad\">\n#top .av-special-heading.av-av_heading-16885c32c958a1841280be36777350ad{\npadding-bottom:10px;\n}\nbody .av-special-heading.av-av_heading-16885c32c958a1841280be36777350ad .av-special-heading-tag .heading-char{\nfont-size:25px;\n}\n.av-special-heading.av-av_heading-16885c32c958a1841280be36777350ad .av-subheading{\nfont-size:15px;\n}\n<\/style>\n<div  class='av-special-heading av-av_heading-16885c32c958a1841280be36777350ad av-special-heading-h3 blockquote modern-quote modern-centered  avia-builder-el-1  avia-builder-el-no-sibling '><h3 class='av-special-heading-tag'  itemprop=\"headline\"  >TRAJNOSTNO UPRAVLJANJE Z NARAVNIMI VIRI<br \/>\nOHRANJANJE OBMO\u010cIJ VARSTVA NARAVE IN KULTURNE DEDI\u0160\u010cINE<\/h3><div class=\"special-heading-border\"><div class=\"special-heading-inner-border\"><\/div><\/div><\/div><\/div>\n<style type=\"text\/css\" data-created_by=\"avia_inline_auto\" id=\"style-css-av-av_one_half-352b07ef7d3bc99b2e9f92e7a9e06bdb\">\n.flex_column.av-av_one_half-352b07ef7d3bc99b2e9f92e7a9e06bdb{\nborder-radius:0px 0px 0px 0px;\n-webkit-border-radius:0px 0px 0px 0px;\n-moz-border-radius:0px 0px 0px 0px;\n}\n<\/style>\n<div class='flex_column av-av_one_half-352b07ef7d3bc99b2e9f92e7a9e06bdb av_one_half  avia-builder-el-2  el_after_av_one_full  el_before_av_one_half  first flex_column_div av-zero-column-padding column-top-margin'   ><p>\n<style type=\"text\/css\" data-created_by=\"avia_inline_auto\" id=\"style-css-av-av_image-741ba88064f15850ce8dce4296ba7de8\">\n.avia-image-container.av-av_image-741ba88064f15850ce8dce4296ba7de8 .av-image-caption-overlay-center{\ncolor:#ffffff;\n}\n<\/style>\n<div  class='avia-image-container av-av_image-741ba88064f15850ce8dce4296ba7de8 av-styling- avia-align-center  avia-builder-el-3  el_before_av_textblock  avia-builder-el-first '  itemprop=\"image\" itemscope=\"itemscope\" itemtype=\"https:\/\/schema.org\/ImageObject\" ><div class=\"avia-image-container-inner\"><div class=\"avia-image-overlay-wrap\"><img decoding=\"async\" class='wp-image-1809 avia-img-lazy-loading-not-1809 avia_image' src=\"http:\/\/www.si-hr.eu\/si2\/wp-content\/uploads\/sites\/14\/2016\/11\/APRO-1030x771.jpg\" alt='' title='APRO'  height=\"771\" width=\"1030\"  itemprop=\"thumbnailUrl\" srcset=\"http:\/\/www.si-hr.eu\/si2\/wp-content\/uploads\/sites\/14\/2016\/11\/APRO-1030x771.jpg 1030w, http:\/\/www.si-hr.eu\/si2\/wp-content\/uploads\/sites\/14\/2016\/11\/APRO-300x224.jpg 300w, http:\/\/www.si-hr.eu\/si2\/wp-content\/uploads\/sites\/14\/2016\/11\/APRO-600x449.jpg 600w, http:\/\/www.si-hr.eu\/si2\/wp-content\/uploads\/sites\/14\/2016\/11\/APRO-1500x1122.jpg 1500w, http:\/\/www.si-hr.eu\/si2\/wp-content\/uploads\/sites\/14\/2016\/11\/APRO-705x528.jpg 705w, http:\/\/www.si-hr.eu\/si2\/wp-content\/uploads\/sites\/14\/2016\/11\/APRO-450x337.jpg 450w\" sizes=\"(max-width: 1030px) 100vw, 1030px\" \/><\/div><\/div><\/div><br \/>\n<section  class='av_textblock_section av-av_textblock-0366cc7376be6c9e82a3e9cc8987b64f'  itemscope=\"itemscope\" itemtype=\"https:\/\/schema.org\/CreativeWork\" ><div class='avia_textblock'  itemprop=\"text\" ><p align=\"CENTER\"><span lang=\"sl-SI\"><b>APRO<\/b><\/span><\/p>\n<\/div><\/section><br \/>\n<section  class='av_textblock_section av-av_textblock-0366cc7376be6c9e82a3e9cc8987b64f'  itemscope=\"itemscope\" itemtype=\"https:\/\/schema.org\/CreativeWork\" ><div class='avia_textblock'  itemprop=\"text\" ><p lang=\"sl-SI\" align=\"JUSTIFY\"><i><b>Opis vsebine projekta<\/b><\/i><\/p>\n<p align=\"JUSTIFY\"><span lang=\"sl-SI\">Specifi\u010dni \u010dezmejni cilji projekta so bili: prispevati k vzpostavljanju ravnote\u017eja v ekosistemu z vrnitvijo ekstenzivne \u2013 pa\u0161no-ko\u0161ne reje predvsem izvirnih pasem (istrsko govedo, koza, ovca in osel); razvoj skupnega \u010dezmejnega pristopa k za\u0161\u010diti istrskih avtohtonih pasem z ustvarjanjem potrebnih predpogojev za vrnitev in ohranitev v zgodovinsko in podnebno obmo\u010dje reje ter skupno definiranje programa revitalizacije tradicionalne reje izvirnih pasem, ki se hranijo s pa\u0161o in senom, pridobljenim s ko\u0161njo travnikov; ustvarjanje pogojev za izvedbo skupnih zootehni\u010dnih, znanstvenih in strokovnih ukrepov za\u0161\u010dite izvirne pasme istrskega goveda za celotno zgodovinsko obmo\u010dje reje istrskega goveda, v nadaljevanju pa tudi drugih izvirnih pasem; ozave\u0161\u010danje prebivalstva in javnosti pode\u017eelskega \u010dezmejnega prostora o pomembnosti biotske pestrosti ter opozarjanje na posledice izgube avtohtonih pasem v vsakdanjem \u017eivljenju. Dodatna vrednost projekta se ka\u017ee tudi pri za\u0161\u010diti avtohtonih\/izvornih pasem, striktno povezanih z teritorijem. Neposredni u\u010dinki projekta so bili: \u0161tudija o vplivu razli\u010dnih pristopov k kori\u0161\u010denju suhih pa\u0161nikov pri ohranjanju biolo\u0161ke raznolikosti; reintrodukcija istrskega goveda v slovensko Istro; \u0161tudija o rekonstrukciji in revitalizaciji tradicionalnega vzgoja koz na projektnem obmo\u010dju; mre\u017ea nadzornih in\u0161titucij za za\u0161\u010dito avtohtonih vrst; hlev za nukleus \u010dredo istrskega goveda; informativno-pou\u010dna orodja za javnost \u2013 bro\u0161ura o bioraznolikosti in za\u0161\u010diti avtohtonih vrst in bro\u0161ura o zgodovinskem pomenu pa\u0161e in pa\u0161nikov za bogatost okolja; izobra\u017eevanja \u00bbKaj storiti, da istrsko govedo\/ovco\/kozo\/osla obdr\u017eimo in vrnemo na pa\u0161nike\u00ab; dnevi odprtih vrat farm in\/ali ekoparkov; zaklju\u010dna \u010dezmejna konferenca o skupni za\u0161\u010diti travnika in istrskih avtohtonih pasem.<\/span><\/p>\n<\/div><\/section><\/p><\/div>\n<style type=\"text\/css\" data-created_by=\"avia_inline_auto\" id=\"style-css-av-av_one_half-2a64de42b738552fe666ca889af77e28\">\n.flex_column.av-av_one_half-2a64de42b738552fe666ca889af77e28{\nborder-radius:0px 0px 0px 0px;\n-webkit-border-radius:0px 0px 0px 0px;\n-moz-border-radius:0px 0px 0px 0px;\n}\n<\/style>\n<div class='flex_column av-av_one_half-2a64de42b738552fe666ca889af77e28 av_one_half  avia-builder-el-6  el_after_av_one_half  el_before_av_image  flex_column_div av-zero-column-padding column-top-margin'   ><section  class='av_textblock_section av-av_textblock-0366cc7376be6c9e82a3e9cc8987b64f'  itemscope=\"itemscope\" itemtype=\"https:\/\/schema.org\/CreativeWork\" ><div class='avia_textblock'  itemprop=\"text\" ><table border=\"1\" width=\"637\" cellspacing=\"0\" cellpadding=\"7\">\n<colgroup>\n<col width=\"200\" \/>\n<col width=\"407\" \/> <\/colgroup>\n<tbody>\n<tr>\n<td bgcolor=\"#f2f2f2\" width=\"200\" height=\"8\">\n<p lang=\"sl-SI\"><b>Naslov projekta<\/b><\/p>\n<\/td>\n<td width=\"407\"><span lang=\"sl-SI\">\u010cezmejna pobuda za za\u0161\u010dito in revitalizacijo biolo\u0161ke raznovrstnosti okolja z rejo avtohtonih pasem <\/span><\/td>\n<\/tr>\n<tr>\n<td bgcolor=\"#f2f2f2\" width=\"200\" height=\"9\">\n<p lang=\"sl-SI\"><b>ESRR sredstva<\/b><\/p>\n<\/td>\n<td width=\"407\">803.094,99 EUR<\/td>\n<\/tr>\n<tr>\n<td bgcolor=\"#f2f2f2\" width=\"200\" height=\"9\">\n<p lang=\"sl-SI\"><b>Trajanje projekta <\/b><\/p>\n<p lang=\"sl-SI\"><b>(mesec\/leto \u2013 mesec\/leto)<\/b><\/p>\n<\/td>\n<td width=\"407\">01.04.2011 \u2013 31.03.2013<\/td>\n<\/tr>\n<tr>\n<td bgcolor=\"#f2f2f2\" width=\"200\" height=\"9\">\n<p lang=\"sl-SI\"><b>Vodilni partner<\/b><\/p>\n<\/td>\n<td width=\"407\">\n<p lang=\"fr-FR\">AZRRI \u2013 Agencija za ruralni razvoj Istre d.o.o.<\/p>\n<\/td>\n<\/tr>\n<tr>\n<td bgcolor=\"#f2f2f2\" width=\"200\" height=\"58\">\n<p lang=\"sl-SI\"><b>Partnerji<\/b><\/p>\n<\/td>\n<td width=\"407\">\n<p lang=\"sl-SI\">Kmetijsko gozdarska zbornica Slovenije &#8211; Kmetijsko gozdarski zavod Nova Gorica<\/p>\n<p lang=\"sl-SI\">Istarska \u017eupanija<\/p>\n<p><span lang=\"sl-SI\">Univerza v Ljubljani, Veterinarska fakulteta<\/span><\/td>\n<\/tr>\n<tr>\n<td bgcolor=\"#f2f2f2\" width=\"200\" height=\"9\">\n<p lang=\"sl-SI\"><b>Vklju\u010dene regije<\/b><\/p>\n<\/td>\n<td width=\"407\">\n<p lang=\"sl-SI\">SI: Primorsko-notranjska regija, Obalno-kra\u0161ka regija, Osrednjeslovenska regija<\/p>\n<p>HR: Istarska \u017eupanija<\/td>\n<\/tr>\n<tr>\n<td bgcolor=\"#f2f2f2\" width=\"200\" height=\"21\">\n<p lang=\"sl-SI\"><b>Spletna stran projekta<\/b><\/p>\n<\/td>\n<td valign=\"BOTTOM\" width=\"407\"><span lang=\"fr-FR\">SI: <\/span><span style=\"color: #0000ff;\"><u><a href=\"http:\/\/apro.azrri.hr\/index.php?id=201&amp;L=3\"><span lang=\"fr-FR\">http:\/\/apro.azrri.hr\/index.php?id=201&amp;L=3<\/span><\/a><\/u><\/span><\/p>\n<p>HR: <span style=\"color: #0000ff;\"><u><a href=\"http:\/\/apro.azrri.hr\/index.php?id=201&amp;L=0\">http:\/\/apro.azrri.hr\/index.php?id=201&amp;L=0<\/a><\/u><\/span><\/td>\n<\/tr>\n<\/tbody>\n<\/table>\n<\/div><\/section><br \/>\n<section  class='av_textblock_section av-av_textblock-0366cc7376be6c9e82a3e9cc8987b64f'  itemscope=\"itemscope\" itemtype=\"https:\/\/schema.org\/CreativeWork\" ><div class='avia_textblock'  itemprop=\"text\" ><p align=\"JUSTIFY\"><span lang=\"sl-SI\"><i><b>Klju\u010dni dose\u017eeni rezultati in izvedene aktivnosti <\/b><\/i><\/span><span lang=\"sl-SI\"><i>(kvantitanivni podatki; max. 3 &#8211; 5)<\/i><\/span><\/p>\n<p lang=\"sl-SI\" align=\"JUSTIFY\">2 dvojezi\u010dni \u0161tudiji;<\/p>\n<p lang=\"sl-SI\" align=\"JUSTIFY\">10 reintroduciranih istrskih goved v Sloveniji;<\/p>\n<p lang=\"sl-SI\" align=\"JUSTIFY\">1 zgrajen hlev;<\/p>\n<p lang=\"sl-SI\" align=\"JUSTIFY\">1 skupna strategija.<\/p>\n<\/div><\/section><\/p><\/div>\n<style type=\"text\/css\" data-created_by=\"avia_inline_auto\" id=\"style-css-av-av_image-cdda17937f0d277aefff32fe2cbec19c\">\n.avia-image-container.av-av_image-cdda17937f0d277aefff32fe2cbec19c .av-image-caption-overlay-center{\ncolor:#ffffff;\n}\n<\/style>\n<div  class='avia-image-container av-av_image-cdda17937f0d277aefff32fe2cbec19c av-styling- avia-align-center  avia-builder-el-9  el_after_av_one_half  avia-builder-el-last '  itemprop=\"image\" itemscope=\"itemscope\" itemtype=\"https:\/\/schema.org\/ImageObject\" ><div class=\"avia-image-container-inner\"><div class=\"avia-image-overlay-wrap\"><img decoding=\"async\" class='wp-image-1808 avia-img-lazy-loading-not-1808 avia_image' src=\"http:\/\/www.si-hr.eu\/si2\/wp-content\/uploads\/sites\/14\/2016\/11\/APRO-logo.png\" alt='' title='APRO logo'  height=\"171\" width=\"323\"  itemprop=\"thumbnailUrl\" srcset=\"http:\/\/www.si-hr.eu\/si2\/wp-content\/uploads\/sites\/14\/2016\/11\/APRO-logo.png 323w, http:\/\/www.si-hr.eu\/si2\/wp-content\/uploads\/sites\/14\/2016\/11\/APRO-logo-300x159.png 300w\" sizes=\"(max-width: 323px) 100vw, 323px\" \/><\/div><\/div><\/div><\/p>\n","protected":false},"excerpt":{"rendered":"","protected":false},"author":3,"featured_media":0,"parent":1483,"menu_order":0,"comment_status":"closed","ping_status":"closed","template":"","meta":{"ngg_post_thumbnail":0},"acf":[],"_links":{"self":[{"href":"http:\/\/www.si-hr.eu\/si2\/wp-json\/wp\/v2\/pages\/1807"}],"collection":[{"href":"http:\/\/www.si-hr.eu\/si2\/wp-json\/wp\/v2\/pages"}],"about":[{"href":"http:\/\/www.si-hr.eu\/si2\/wp-json\/wp\/v2\/types\/page"}],"author":[{"embeddable":true,"href":"http:\/\/www.si-hr.eu\/si2\/wp-json\/wp\/v2\/users\/3"}],"replies":[{"embeddable":true,"href":"http:\/\/www.si-hr.eu\/si2\/wp-json\/wp\/v2\/comments?post=1807"}],"version-history":[{"count":1,"href":"http:\/\/www.si-hr.eu\/si2\/wp-json\/wp\/v2\/pages\/1807\/revisions"}],"predecessor-version":[{"id":1810,"href":"http:\/\/www.si-hr.eu\/si2\/wp-json\/wp\/v2\/pages\/1807\/revisions\/1810"}],"up":[{"embeddable":true,"href":"http:\/\/www.si-hr.eu\/si2\/wp-json\/wp\/v2\/pages\/1483"}],"wp:attachment":[{"href":"http:\/\/www.si-hr.eu\/si2\/wp-json\/wp\/v2\/media?parent=1807"}],"curies":[{"name":"wp","href":"https:\/\/api.w.org\/{rel}","templated":true}]}}